{"id":3993,"date":"2025-04-09T15:34:06","date_gmt":"2025-04-09T15:34:06","guid":{"rendered":"https:\/\/sstechs247.com\/hausin\/?page_id=3993"},"modified":"2025-04-09T15:35:09","modified_gmt":"2025-04-09T15:35:09","slug":"hag-sondermodelle-germanier","status":"publish","type":"page","link":"https:\/\/sstechs247.com\/hausin\/hag-sondermodelle-germanier\/","title":{"rendered":"HAG Sondermodelle Germanier"},"content":{"rendered":"\t\t<div data-elementor-type=\"wp-page\" data-elementor-id=\"3993\" class=\"elementor elementor-3993\">\n\t\t\t\t<div class=\"elementor-element elementor-element-5253433 e-flex e-con-boxed wpr-particle-no wpr-jarallax-no wpr-parallax-no wpr-sticky-section-no wpr-equal-height-no e-con e-parent\" data-id=\"5253433\" data-element_type=\"container\" data-e-type=\"container\" data-settings=\"{&quot;background_background&quot;:&quot;classic&quot;}\">\n\t\t\t\t\t<div class=\"e-con-inner\">\n\t\t<div class=\"elementor-element elementor-element-b3ad8bc e-con-full e-flex wpr-particle-no wpr-jarallax-no wpr-parallax-no wpr-sticky-section-no wpr-equal-height-no e-con e-child\" data-id=\"b3ad8bc\" data-element_type=\"container\" data-e-type=\"container\">\n\t\t\t\t<div class=\"elementor-element elementor-element-04e3b45 elementor-widget elementor-widget-heading\" data-id=\"04e3b45\" data-element_type=\"widget\" data-e-type=\"widget\" data-widget_type=\"heading.default\">\n\t\t\t\t<div class=\"elementor-widget-container\">\n\t\t\t\t\t<h1 class=\"elementor-heading-title elementor-size-default\">HAG Sondermodelle Germanier<\/h1>\t\t\t\t<\/div>\n\t\t\t\t<\/div>\n\t\t\t\t<\/div>\n\t\t\t\t\t<\/div>\n\t\t\t\t<\/div>\n\t\t<div class=\"elementor-element elementor-element-feb1ed7 e-flex e-con-boxed wpr-particle-no wpr-jarallax-no wpr-parallax-no wpr-sticky-section-no wpr-equal-height-no e-con e-parent\" data-id=\"feb1ed7\" data-element_type=\"container\" data-e-type=\"container\">\n\t\t\t\t\t<div class=\"e-con-inner\">\n\t\t<div class=\"elementor-element elementor-element-1779df7 e-con-full e-flex wpr-particle-no wpr-jarallax-no wpr-parallax-no wpr-sticky-section-no wpr-equal-height-no e-con e-child\" data-id=\"1779df7\" data-element_type=\"container\" data-e-type=\"container\">\n\t\t<div class=\"elementor-element elementor-element-dcf64c6 e-con-full e-flex wpr-particle-no wpr-jarallax-no wpr-parallax-no wpr-sticky-section-no wpr-equal-height-no e-con e-child\" data-id=\"dcf64c6\" data-element_type=\"container\" data-e-type=\"container\">\n\t\t<div class=\"elementor-element elementor-element-8d84bc8 e-con-full e-flex wpr-particle-no wpr-jarallax-no wpr-parallax-no wpr-sticky-section-no wpr-equal-height-no e-con e-child\" data-id=\"8d84bc8\" data-element_type=\"container\" data-e-type=\"container\">\n\t\t\t\t<div class=\"elementor-element elementor-element-d9cd397 elementor-widget elementor-widget-text-editor\" data-id=\"d9cd397\" data-element_type=\"widget\" data-e-type=\"widget\" data-widget_type=\"text-editor.default\">\n\t\t\t\t<div class=\"elementor-widget-container\">\n\t\t\t\t\t\t\t\t\t<p class=\"style1\">Andi Germanier &#8211; einst stolzer Besitzer der wohl best-assortierten Vitrinen Sammlung die man je zu Gesicht bekommen konnte &#8211; stellte im Gegensatz zu anderen &#8220;Banausen&#8221; (z.B. hier) nicht nur Lokomotiven in seine x Meter Aufstellfl\u00e4che in den Vitrinen sondern ganze Blockz\u00fcge! Ein absolut fantastisches Bild! Nat\u00fcrlich betrieb er zusammen mit seinem Vater auch eine sehr sch\u00f6ne und grossz\u00fcgige H0 Anlage. Andi ist \u00fcbrigens auch der Organisator der Oftringer Modellb\u00f6rsen die jeweils Anfangs Januar stattfindet. Leider musste oben die Vergangenheitsform gew\u00e4hlt werden, denn der grosse MoBa-Raum musste aufgel\u00f6st werden.<br \/><br \/>Andi bewies stets Eigeninitiative &#8211; und auch eine ganze Portion Mut (unternehmerisches Risiko!) &#8211; und gab mal zwei Sonderserien der Re 465 \u00e0 50 St\u00fcck, n\u00e4mlich die rote und die braune bei Hag zur Produktion in Auftrag. Der eigentliche Grund f\u00fcr die Sonderserien war, dass ihm das BLS-blau nicht so richtig gefiel und er eher braune und rote Modelle sch\u00e4tzte.<\/p><p class=\"style1\">Die erste ausgelieferte Lok (Mai 2008) war die 007-3 (Nr. 25 521-31), die braune Re 465, numeriert. Hier ist Lok Nr. 6.:<\/p><p class=\"style1 style4\" align=\"center\"><img fetchpriority=\"high\" decoding=\"async\" src=\"https:\/\/hausin.com\/roland\/images\/H0%20full\/Hag%20184%20Re%20465%20Schilthorn%20braun2.jpg\" width=\"800\" height=\"302\" \/><\/p><p class=\"style1\">und gleichzeitig die rote 001-6 (Nr. 28 522-31). Hier ist Nr. 6:<\/p><p class=\"style1 style4\" align=\"center\"><img decoding=\"async\" src=\"https:\/\/hausin.com\/roland\/images\/H0%20full\/Hag%20184%20Re%20465%20Simplon%20rot.jpg\" width=\"800\" height=\"304\" \/><\/p><p class=\"style1\">F\u00fcr sich liess Andi gleichzeitig &#8211; aber eher zuf\u00e4llig &#8211; noch zwei gr\u00fcne &#8220;Prototypen&#8221; 007-3 (Nr. 28 523-31) produzieren. Uns gefiel dann diese gr\u00fcne Re 465 so gut, dass daraus dann eine Serie von 50 entstand und mit Nummer 004-0 im November 2008 ebenfalls ausgeliefert wurde. Hier ist Nummer 6:<\/p><p class=\"style1\" align=\"center\"><img decoding=\"async\" src=\"https:\/\/hausin.com\/roland\/images\/H0%20full\/Hag%20184%20Re%20465%20gruen.jpg\" width=\"800\" height=\"308\" \/><\/p><p class=\"style1\">Eines der pr\u00e4chtigsten Modelle &#8211; die glanzschwarze Re 465 002-4 (Nr. 28 529-31) folgte im Juli 2009, in einer Auflage von 20 St\u00fcck. Hier ist Nr. 6:<\/p><p class=\"style1\" align=\"center\"><img loading=\"lazy\" decoding=\"async\" src=\"https:\/\/hausin.com\/roland\/images\/H0%20full\/Hag%2028529%20Re%20465%20Gornergrat%20schwarz.jpg\" width=\"800\" height=\"295\" \/><\/p><p class=\"style1\">Als Spezial-Variante gab es auch eine Kleinserie von 5 St\u00fcck mit roter statt weisser Bemalung (28 530-31). Die WS-Loks (keine Gleichstrom) wurden ab Nr. 25 numeriert. Hier ist Nr. 25:<\/p><p class=\"style1\" align=\"center\"><img loading=\"lazy\" decoding=\"async\" src=\"https:\/\/hausin.com\/roland\/images\/H0%20full\/Hag%2028530%20Re%20465%20Gornergrat%20rot%20schwarz.jpg\" width=\"800\" height=\"308\" \/><\/p><p class=\"style1\">Der Juli 2009 war ausgesprochen ergiebig, denn Andi liess wiederum zusammen mit J\u00fcrg Obi (einem weiteren grossen Hag-Sammler) ein weiteres, ganz spezielles Modell, die Camouflage 492-2 (28 227-31) in einer 20-er Serie produzieren. Die etwas &#8220;schr\u00e4ge&#8221; Nummer der Lok stellt \u00fcbrigens einen Bezug zu J\u00fcrg dar, mehr sei aber hier nicht verraten&#8230; Hier ist Exemplar Nr. 6:<\/p><p class=\"style1\" align=\"center\"><img loading=\"lazy\" decoding=\"async\" src=\"https:\/\/hausin.com\/roland\/images\/H0%20full\/Hag%2028227%20Re%20460%20Swiss%20Army.jpg\" width=\"800\" height=\"296\" \/><\/p><p class=\"style1\">Ein weiterer grosser Wurf gelang mit der im Oktober 2009 ausgelieferten Re 465 GoldenPass 013-1 (Nr. 28 531-31) in einer Serie von 45 Exemplaren. Die Auftraggeber Germanier\/Obi vereinbarten mit HAG, dass zwei Serien mit maximal je 50 St\u00fcck produziert w\u00fcrden. Hier ist Lok Nr. 6:<\/p><p class=\"style1\" align=\"center\"><img loading=\"lazy\" decoding=\"async\" src=\"https:\/\/hausin.com\/roland\/images\/H0%20full\/Hag%2028531%20Re%20465%20GoldenPass2.jpg\" width=\"800\" height=\"312\" \/><\/p><p class=\"style1\">Die restlichen 5 Loks des ersten 50-er Lot, numeriert als 26-30, wurden als Variante in braun produziert. Hier ist Nr. 26:<\/p><p class=\"style1\" align=\"center\"><a href=\"https:\/\/hausin.com\/roland\/images\/H0%20full\/Hag%2028531%20Re%20465%20GoldenPass2%20braun.JPG\"><img loading=\"lazy\" decoding=\"async\" src=\"https:\/\/hausin.com\/roland\/images\/H0%20full\/800\/Hag%2028531%20Re%20465%20GoldenPass2%20braun1.JPG\" width=\"800\" height=\"329\" \/><\/a><\/p><p class=\"style1\">Der Oktober 2009 war modellm\u00e4ssig ebenfalls ausgesprochen ergiebig, denn es kam ebenfalls noch die im Farbton korrigierte Re 460 Alptransit 2 075-5 (Nr. 28 228-31) in einer Auflage von 50 Exemplaren (wiederum mit Mitinitiant Obi).<\/p><p class=\"style1\" align=\"center\"><img loading=\"lazy\" decoding=\"async\" src=\"https:\/\/hausin.com\/roland\/images\/H0%20full\/Hag%20280%20Re%20460%20Alptransit%202a.jpg\" width=\"800\" height=\"296\" \/><\/p><p class=\"style1\">Als Premiere f\u00fcr Andi, ebenfalls im Oktober 2009 das erste Nicht-Re 46x-Modell &#8211; die glanzschwarze Ae 6\/6 Wallis (Nr. 11 043-31) in einer Serie von 20 St\u00fcck heraus. Hier ist Nummer 6:<\/p><p class=\"style1\" align=\"center\"><img loading=\"lazy\" decoding=\"async\" src=\"https:\/\/hausin.com\/roland\/images\/H0%20full\/Hag%20128%20Ae%2066%20schwarz.JPG\" width=\"800\" height=\"360\" \/><\/p><p class=\"style1\" align=\"left\">Gleichzeitig folgte &#8211; wiederum in Zusammenarbeit mit Obi &#8211; auch die glanzschwarze Re 6\/6 Monthey (Nr 20 057-31), ebenfalls in einer Serie von 20 St\u00fcck. Hier ist Nr. 6:<\/p><p class=\"style1\" align=\"center\"><img loading=\"lazy\" decoding=\"async\" src=\"https:\/\/hausin.com\/roland\/images\/H0%20full\/Hag%20203%20Re%2066%20schwarz.JPG\" width=\"800\" height=\"304\" \/><\/p><p class=\"style1\" align=\"left\">Im April 2010 folgte die 2. 50-er Serie mit Loknummer 008-1 und Hag-Nummer 28 533 (es befindet sich hier wiederum Nr. 6\/50 in der Sammlung):<\/p><p class=\"style1\" align=\"center\"><img loading=\"lazy\" decoding=\"async\" src=\"https:\/\/hausin.com\/roland\/images\/H0%20full\/Hag%20184%20Re%20465%20GoldenPass%202%202.jpg\" width=\"800\" height=\"313\" \/><\/p><p class=\"style1\" align=\"left\">Daneben gab es noch drei weitere Farb-Varianten (blau, rot, gr\u00fcn) der Golden Pass Lok (es wurden jeweils 8 Exemplare produziert), die Hag-Nummer ebenfalls 28 533:<\/p><p class=\"style1\" align=\"center\"><img loading=\"lazy\" decoding=\"async\" src=\"https:\/\/hausin.com\/roland\/images\/H0%20full\/Hag%20184%20Re%20465%20Goldenpass%202%20blau.jpg\" width=\"800\" height=\"304\" \/><\/p><p class=\"style1\" align=\"center\"><img loading=\"lazy\" decoding=\"async\" src=\"https:\/\/hausin.com\/roland\/images\/H0%20full\/Hag%20184%20Re%20465%20Goldenpass%202%20rot.jpg\" width=\"800\" height=\"306\" \/><\/p><p class=\"style1\" align=\"center\"><img loading=\"lazy\" decoding=\"async\" src=\"https:\/\/hausin.com\/roland\/images\/H0%20full\/Hag%20184%20Re%20465%20Goldenpass%202%20gruen.jpg\" width=\"800\" height=\"298\" \/><\/p><p class=\"style1\">Der n\u00e4chste &#8211; wiederum grosse &#8211; Wurf folgte im Juli 2010. Das Gespann Germanier\/Obi liessen f\u00fcrs Musical Ewigi Liebi zwei Loks, Daneli und Heidi in einer Serie von 23 resp. 22 Exemplaren mit unterschiedlichen Vor- und R\u00fcckseiten und einem aufw\u00e4ndigen Druckprozess produzieren. Die 3. Lok ist eine Variant von Daneli mit roter Schrift von der es genau 3 Exemplare gibt. Selbstverst\u00e4ndlich befinden sich wiederum die Nummern 6 in der Hausin-Sammlung&#8230;.<\/p><p class=\"style1\" align=\"center\"><img loading=\"lazy\" decoding=\"async\" src=\"https:\/\/hausin.com\/roland\/images\/H0%20full\/Hag%20280%20Re%20460%20Ewigi%20Liebi2.jpg\" width=\"800\" height=\"308\" \/><\/p><p class=\"style1\" align=\"center\"><img loading=\"lazy\" decoding=\"async\" src=\"https:\/\/hausin.com\/roland\/images\/H0%20full\/Hag%20280%20Re%20460%20Ewigi%20Liebi%20Daneli.jpg\" width=\"800\" height=\"312\" \/><\/p><p class=\"style1\" align=\"center\"><img loading=\"lazy\" decoding=\"async\" src=\"https:\/\/hausin.com\/roland\/images\/H0%20full\/Hag%20280%20Re%20460%20Ewigi%20Liebi%20Heidi.jpg\" width=\"800\" height=\"296\" \/><\/p><p class=\"style1\">Eine n\u00e4chste Serie waren die gr\u00fcne und rote Lok ohne Sicken (in Anlehnung an die TdoT-Version) und ohne Wappen. Dazu kam noch das Doppelpack weiss und schwarz:<\/p><p class=\"style1\" align=\"center\"><img loading=\"lazy\" decoding=\"async\" src=\"https:\/\/hausin.com\/roland\/images\/H0%20full\/800\/Hag%2028241%20Re%20460%20OS%20rot%20A.jpg\" width=\"800\" height=\"315\" \/><\/p><p class=\"style1\" align=\"center\"><img loading=\"lazy\" decoding=\"async\" src=\"https:\/\/hausin.com\/roland\/images\/H0%20full\/800\/Hag%2028241%20Re%20460%20OS%20gruen%20A.JPG\" width=\"800\" height=\"298\" \/><\/p><p class=\"style1\" align=\"center\"><img loading=\"lazy\" decoding=\"async\" src=\"https:\/\/hausin.com\/roland\/images\/H0%20full\/800\/Hag%2028242%20Re%20460%20OS%20weiss%20A.JPG\" width=\"800\" height=\"305\" \/><\/p><p class=\"style1\" align=\"center\"><img loading=\"lazy\" decoding=\"async\" src=\"https:\/\/hausin.com\/roland\/images\/H0%20full\/800\/Hag%2028243%20Re%20460%20OS%20schwarz%20A.JPG\" width=\"800\" height=\"299\" \/><\/p><p class=\"style1\">Die n\u00e4chste Serie waren Farbvarianten der My Switzerland III, in blau, gr\u00fcn und schwarz (zur regul\u00e4ren roten Version). Wie \u00fcblich befindet sich jeweils die Nummer 6 in der Sammlung &#8230;<\/p><p class=\"style1\" align=\"center\"><img loading=\"lazy\" decoding=\"async\" src=\"https:\/\/hausin.com\/roland\/images\/H0%20full\/800\/Hag%2028250%20Re%20460%20My%20Switzerland%20III%20rot%20A.jpg\" width=\"800\" height=\"297\" \/><\/p><p class=\"style1\" align=\"center\"><img loading=\"lazy\" decoding=\"async\" src=\"https:\/\/hausin.com\/roland\/images\/H0%20full\/800\/Hag%2028250%20Re%20460%20My%20Switzerland%20III%20blau%20A.jpg\" width=\"800\" height=\"305\" \/><\/p><p class=\"style1\" align=\"center\"><a href=\"https:\/\/hausin.com\/roland\/images\/H0%20full\/Hag%2028250%20Re%20460%20My%20Switzerland%20III%20gruen%20A.jpg\"><img loading=\"lazy\" decoding=\"async\" src=\"https:\/\/hausin.com\/roland\/images\/H0%20full\/800\/Hag%2028250%20Re%20460%20My%20Switzerland%20III%20gruen%20A.jpg\" width=\"800\" height=\"308\" \/><\/a><\/p><p class=\"style1\" align=\"center\"><img loading=\"lazy\" decoding=\"async\" src=\"https:\/\/hausin.com\/roland\/images\/H0%20full\/800\/Hag%2028250%20Re%20460%20My%20Switzerland%20III%20schwarz%20A.jpg\" width=\"800\" height=\"302\" \/><\/p><p class=\"style1\">Aus der K\u00fcche Germanier \/ Obi stammen auch diese beiden Sonderserien (Ausgabe Mai 2011), die Re 460 Murgenthal, rot resp. etwas heller rot, welche ebenfalls in Anlehnung an die rote TdoT (ohne Sicken) produziert wurde. Von der Roten gab es 15 Exemplare (die Nr. 6 befindet sich in der Hausin-Sammlung), von der Hellroten 9 (ohne Nummerierung)<\/p><p class=\"style1\" align=\"center\"><img loading=\"lazy\" decoding=\"async\" src=\"https:\/\/hausin.com\/roland\/images\/H0%20full\/800\/Hag%20280%20Re%20460%20Murgenthal%2065-6.JPG\" width=\"800\" height=\"320\" \/><\/p><p class=\"style1 style4\" align=\"center\">\u00a0<\/p><p class=\"style1\" align=\"center\"><img loading=\"lazy\" decoding=\"async\" src=\"https:\/\/hausin.com\/roland\/images\/H0%20full\/800\/Hag%20280%20Re%20460%20Murgenthal%2041-7.JPG\" width=\"800\" height=\"297\" \/><\/p><p class=\"style1\">22.12.2011 &#8211; ein Tag an dem ein absolutes Highlight ausgeliefert wurde, die Ae 6\/6 in Gold. Diese Lok wurde in mehreren Varianten hergestellt. Der Hauptharst (40 WS\/15 WS) stellt die Lok mit Schweizerkreuz als Wappen und Nummer 1291 dar. In einer 6-er Serie (und deshalb befindet sich Nr. 6 in der Hausin Sammlung) wurde die Lok 11427 Stadt Bern produziert. Daneben gab es auch noch die Olten (16 St\u00fcck WS\/GS) und die Brugg (5 St\u00fcck). Als kleine Zugabe wurde der Verpackung auch noch ein Paar schwarze Handschuhe beigelegt &#8211; absolut edel!<\/p><p class=\"style1\" align=\"center\"><img loading=\"lazy\" decoding=\"async\" src=\"https:\/\/hausin.com\/roland\/images\/H0%20full\/800\/Hag%2011111%20Ae%2066%20Gold%20800.JPG\" width=\"800\" height=\"385\" \/><\/p><p class=\"style1\" align=\"left\">Der grosse Meister der Sondermodelle hat einmal mehr zugeschlagen. Die Ae 610 mit dem schwarzen Cargo Logo ist ein weiteres Exemplar der Spitzenklasse aus dem Hause Germanier! Keineswegs abwertend gemeint: bei diesem grossen Wurf (es wurden 9 AC und 3 DC Modelle einmal mehr sehr sauber von HAG bedruckt) handelt es sich eigentlich um eine &#8220;Resteverwertung&#8221;, d.h. die \u00fcberz\u00e4hligen bereits vergoldeten &#8220;Briefbeschwerer&#8221; oder &#8220;Alteisen-Kl\u00f6tze&#8221; (sprich obiges Prachtsmodell der Goldlok) wurden mit diesem Layout versehen. Die Nachfrage f\u00fcr dieses Modell war weit gr\u00f6sser als das verf\u00fcgbare Angebot &#8230;.<\/p><p class=\"style1\" align=\"center\"><img loading=\"lazy\" decoding=\"async\" src=\"https:\/\/hausin.com\/roland\/images\/H0%20full\/800\/Hag%2011127%20Ae%20610%20Cargo%20Gold.JPG\" width=\"800\" height=\"370\" \/><\/p><p class=\"style1 style4\" align=\"center\">\u00a0<\/p><p class=\"style1 style4\" align=\"center\">\u00a0<\/p><p class=\"style1\">Als echte Werbelok f\u00fcr die Firma von J\u00fcrg Obi wurde die Re 460 Aarlan in einer Auflage von 20 St\u00fcck im April 2013 augeliefert, wiederum ein sehr sch\u00f6nes Exemplar. Diese Lok wurde noch in M\u00f6rschwil gespritzt, aber die Fertigstellung erfolgte bereits in Stans. In der Hausin-Sammlung befindet sich das Exemplar Nr. 6.<\/p><p class=\"style1\" align=\"center\"><img loading=\"lazy\" decoding=\"async\" src=\"https:\/\/hausin.com\/roland\/images\/H0%20full\/800\/Hag%2028261%20Re%20460%20Aarlan1.JPG\" alt=\"Aarlan Re 460\" width=\"800\" height=\"379\" \/><\/p><p class=\"style1\" align=\"center\"><img loading=\"lazy\" decoding=\"async\" src=\"https:\/\/hausin.com\/roland\/images\/H0%20full\/800\/Hag%2028261%20Re%20460%20Aaarlan%20Zert.jpg\" width=\"800\" height=\"408\" \/><\/p><p class=\"style1 style4\" align=\"center\">\u00a0<\/p><p class=\"style1\" align=\"left\">Als n\u00e4chstes Sondermodell aus dem Hause Germanier wurde am 16.7.2013 die Re 4\/4 III Gold anl\u00e4sslich eines gemeinsamen, gem\u00fctlichen Runde in illustrer Gesellschaft \u00fcbergeben. Diese Lok wurde urspr\u00fcnglich noch in M\u00f6rschwil hergestellt, aber bereits in Stans von der Hag GmbH fertiggestellt.<\/p><p class=\"style1\" align=\"center\"><img loading=\"lazy\" decoding=\"async\" src=\"https:\/\/hausin.com\/roland\/images\/H0%20full\/800\/Hag%2016232%20Re%2044%20III%20gold.JPG\" width=\"800\" height=\"435\" \/><\/p><p class=\"style1 style4\" align=\"center\">\u00a0<\/p><p class=\"style1\">Von der Gold-Lok gab es auch noch eine Variante, n\u00e4mlich diese mit dem Wappen von Porrentruy. Als absolute Exklusivit\u00e4t liess Andi noch zwei Exemplare schwarz-verschromt statt vergoldet herstellen. Eines dieser beiden Exemplare befindet sich in der Hausin-Sammlung (Danke Andi!). Dieses Modell kann getrost als &#8220;Black Pearl&#8221; bezeichnet werden &#8211; absolut sensationell!! (Nur: eine schwarze Hochglanz-Lok zu fotografieren ist gar nicht so einfach &#8230;.)<\/p><p class=\"style1\" align=\"center\"><img loading=\"lazy\" decoding=\"async\" src=\"https:\/\/hausin.com\/roland\/images\/H0%20full\/800\/Hag%2016232%20Re%2044%20III%20schwarz.JPG\" width=\"800\" height=\"451\" \/><\/p><p class=\"style1\" align=\"left\">Ein weiteres Prachtsexemplar aus dem Hause Germanier wurde am 4.10.2013 \u00fcbergeben. Die Re 421 Gold Cargo wurde anl\u00e4sslich eines gemeinsamen, gem\u00fctlichen Runde in kleiner illustrer Gesellschaft \u00fcbergeben. Diese Lok wurde urspr\u00fcnglich noch in M\u00f6rschwil hergestellt, aber bereits in Stans von der HAG GmbH fertiggestellt. Erstellt wurde eine Serie von 25 Exemplaren (numeriert von 6-30). Andi sei dank, es befindet sich wiederum die Nummer 6 in der Hausin Sammlung&#8230;<\/p><p class=\"style1\" align=\"center\"><img loading=\"lazy\" decoding=\"async\" src=\"https:\/\/hausin.com\/roland\/images\/H0%20full\/800\/Hag%2016014%20Re%20421%20Cargo%20gold%20schwarz.JPG\" width=\"800\" height=\"408\" \/><\/p><p class=\"style1\" align=\"left\">Von dieser schwarzen Cargo Version gab es noch eine Untervariante (von nur 5 Exemplaren) einer blauen Cargo. Diese Variante ist in der gleichen 30-er Numerierung der schwarzen enthalten, es waren einfach die Loks 1 bis 5. Deshalb befindet sich hier das Exemplar 5 von 30 in der Hausin-Sammlung:<\/p><p class=\"style1\" align=\"center\"><img loading=\"lazy\" decoding=\"async\" src=\"https:\/\/hausin.com\/roland\/images\/H0%20full\/800\/Hag%2016014%20Re%20421%20Cargo%20gold%20blau.JPG\" width=\"800\" height=\"419\" \/><\/p><p class=\"style1\" align=\"left\">Am 7.12.2013 folgte der n\u00e4chste Streich mit zwei ganz speziellen Modellen, die eigentlich wiederum nur eine &#8220;Resteverwertung&#8221; der Goldloks darstellten. Andr\u00e9 Germanier hatte die z\u00fcndende Idee mit 10 \u00fcbrig gebliebenen fertig polierten Ae 6\/6 Geh\u00e4usen indem er je 5 glanz-verchromte und schwarz-verchromte Modelle mit dem Wappen von Fl\u00fcelen herstellen liess. Dazu kam sp\u00e4ter aus dem Nachlass von Romeo auch noch die Bellinzona (Lok 3\/6)<br \/><br \/>Eine kleine Geschichte am Rande muss hier schon angef\u00fcgt werden: Diese Loks weisen eigentlich Fehler bei der Beschriftung auf, die f\u00fcr ein Fantasie-Modell zwar akzeptabel sind, aber vom Hersteller eigentlich nicht geboten werden d\u00fcrften. Verwendet wurde das (Gemeinde-)Wappen von Fl\u00fcelen, als Nummer jedoch diese der Kantonslok Fribourg gew\u00e4hlt. Obwohl HAG schon mal eine Fl\u00fcelen (Sonderserie von Roger Schellenberg) hergestellt hatte, wurde sowohl ein falsches Wappen wie auch eine falsche Schrift verwendet (allerdings keineswegs aus b\u00f6ser Absicht). Die Beschriftung ist einseitig mit SBB CFF und auf der anderen SBB FSS. Ae 6\/6 Guru Roger stellte jedoch richtig fest, dass die Deutschweizer und Tessiner Loks SBB FSS tragen, w\u00e4hrend bei den welschen und Berner Loks SBB CFF beidseitig aufgedruckt ist.<\/p><p class=\"style1\" align=\"center\"><img loading=\"lazy\" decoding=\"async\" src=\"https:\/\/hausin.com\/roland\/images\/H0%20full\/800\/Hag%20S-11131-31%20Ae%2066%20chrom.JPG\" width=\"800\" height=\"274\" \/><\/p><p class=\"style1\" align=\"center\"><img loading=\"lazy\" decoding=\"async\" src=\"https:\/\/hausin.com\/roland\/images\/H0%20full\/800\/HAG%20S-11132-31%20Ae%2066%20schwarz%20chrom.JPG\" width=\"800\" height=\"337\" \/><\/p><p class=\"style1\" align=\"center\"><img loading=\"lazy\" decoding=\"async\" src=\"https:\/\/hausin.com\/roland\/images\/H0%20full\/800\/HAG%20S-11143%20Ae%206-6%20Chrom%20Bellinzona.jpg\" width=\"800\" height=\"369\" \/><\/p><p class=\"style1\" align=\"left\">Am 6.12.2014 organisierte Andi spontan ein Nachtessen. Er bot Roger dazu auf unter dem Vorwand, er h\u00e4tte da so ein Problem mit einer Lok. Also trafen wir uns samt besseren H\u00e4lften zu einem gem\u00fctlichen Essen. Bei dieser Gelegenheit \u00fcberreichte dann Andi Roger die mit der original Yellow Jacket Farbe gespritzte Lok. Ein ganz nettes Geburtstagsgeschenk f\u00fcr Roger! Die Lok wurde in 15 Exemplaren hergestellt.<\/p><p class=\"style1\" align=\"center\"><img loading=\"lazy\" decoding=\"async\" src=\"https:\/\/hausin.com\/roland\/images\/H0%20full\/800\/HAG%2011136%20Ae%2066%20Yellow%20Jacket.JPG\" width=\"800\" height=\"361\" \/><\/p><p class=\"style1\" align=\"left\">Im April 2015 wurden die Farbvarianten der LION ausgeliefert. Produziert wurden jeweils Serien von 15 Exemplaren. In verdankenswerter Weise sorgte Andi daf\u00fcr, dass wiederum jeweils die Nummer 6 in der Hausin Sammlung landete.<\/p><p class=\"style1\" align=\"center\"><img loading=\"lazy\" decoding=\"async\" src=\"https:\/\/hausin.com\/roland\/images\/H0%20full\/800\/HAG%2016228%20Re%2044%20II%20Lion%20schwarz.JPG\" width=\"800\" height=\"415\" \/><\/p><p class=\"style1\" align=\"center\"><img loading=\"lazy\" decoding=\"async\" src=\"https:\/\/hausin.com\/roland\/images\/H0%20full\/800\/HAG%2016228%20Re%2044%20II%20Lion%20weiss.JPG\" width=\"800\" height=\"410\" \/><\/p><p class=\"style1\" align=\"center\"><img loading=\"lazy\" decoding=\"async\" src=\"https:\/\/hausin.com\/roland\/images\/H0%20full\/800\/HAG%2016228%20Re%2044%20II%20Lion%20gruen.JPG\" width=\"800\" height=\"407\" \/><\/p><p class=\"style1\" align=\"center\"><img loading=\"lazy\" decoding=\"async\" src=\"https:\/\/hausin.com\/roland\/images\/H0%20full\/800\/HAG%2016228%20Re%2044%20II%20Lion.JPG\" width=\"800\" height=\"215\" \/><\/p><p class=\"style1\" align=\"left\">Am 8.8.2014 fand am Katzensee die \u00dcbergabe der Goldwagen Sets statt. Es fanden zwei Sets (\u00e0 3+1 Wagen) plus ein schwarzer Osterwalder Tankwagen den Weg in die Hausin-Sammlung. Die ersten drei Wagen bilden das Set, die n\u00e4chsten Wagen sind Einzel-Wagen. Diese Wagen pr\u00e4sentieren sich wundersch\u00f6n &#8211; selten sowas Sch\u00f6nes gesehen!<\/p><p class=\"style1\" align=\"center\"><img loading=\"lazy\" decoding=\"async\" src=\"https:\/\/hausin.com\/roland\/images\/Wagen\/800\/HAG%20S-76040-1%20Gold%20Tankwagen.JPG\" width=\"800\" height=\"344\" \/><\/p><p class=\"style1\" align=\"center\"><img loading=\"lazy\" decoding=\"async\" src=\"https:\/\/hausin.com\/roland\/images\/Wagen\/800\/HAG%20S-76040-3%20Tankwagen%20schwarz.JPG\" width=\"800\" height=\"336\" \/><\/p><p class=\"style1\" align=\"center\"><img loading=\"lazy\" decoding=\"async\" src=\"https:\/\/hausin.com\/roland\/images\/Wagen\/800\/HAG%20S-76040-2%20Gold%20Tankwagen.JPG\" width=\"800\" height=\"373\" \/><\/p><p class=\"style1\" align=\"center\"><img loading=\"lazy\" decoding=\"async\" src=\"https:\/\/hausin.com\/roland\/images\/Wagen\/800\/HAG%20S-76036%20Gold%20Tankwagen.JPG\" width=\"800\" height=\"332\" \/><\/p><p class=\"style1 style4\" align=\"center\">\u00a0<\/p><p class=\"style1\" align=\"center\"><img loading=\"lazy\" decoding=\"async\" src=\"https:\/\/hausin.com\/roland\/images\/Wagen\/800\/HAG%20S-76030%20Tankwagen%20Osterwalder.JPG\" width=\"800\" height=\"317\" \/><\/p><p class=\"style1\" align=\"center\"><img loading=\"lazy\" decoding=\"async\" src=\"https:\/\/hausin.com\/roland\/images\/Wagen\/800\/HAG%2076046%20Tankwagen%20gold%20Osterwalder.JPG\" width=\"800\" height=\"358\" \/><\/p><p class=\"style1\" align=\"left\">Dazu gab es noch die Spezial-Versionen ohne Logo:<\/p><p class=\"style1\" align=\"center\"><img loading=\"lazy\" decoding=\"async\" src=\"https:\/\/hausin.com\/roland\/images\/Wagen\/800\/HAG%20S-76038%20Gold-Tankwagen.JPG\" width=\"800\" height=\"312\" \/><\/p><p class=\"style1\" align=\"center\"><img loading=\"lazy\" decoding=\"async\" src=\"https:\/\/hausin.com\/roland\/images\/Wagen\/800\/HAG%20S-76034%20Tankwagen%20gold%20Balken%20-Logo.JPG\" width=\"800\" height=\"337\" \/><\/p><p class=\"style1\" align=\"center\"><img loading=\"lazy\" decoding=\"async\" src=\"https:\/\/hausin.com\/roland\/images\/Wagen\/800\/HAG%20S-76028%20Tankwagen%20schwarz%20-Logo.JPG\" width=\"800\" height=\"337\" \/><\/p><p class=\"style1\" align=\"left\">Plus zwei noch in M\u00f6rschwil gefertigte Prototypen (mit schwarzen Chassis):<\/p><p class=\"style1\" align=\"center\"><img loading=\"lazy\" decoding=\"async\" src=\"https:\/\/hausin.com\/roland\/images\/Wagen\/800\/HAG%20Prototyp%201%20Gold-Tankwagen.JPG\" width=\"800\" height=\"314\" \/><\/p><p class=\"style1\" align=\"center\"><img loading=\"lazy\" decoding=\"async\" src=\"https:\/\/hausin.com\/roland\/images\/Wagen\/800\/HAG%20Prototyp%202%20Gold-Tankwagen.JPG\" width=\"800\" height=\"330\" \/><\/p><p class=\"style1\" align=\"left\">Andi \u00fcberliess der Hausin-Sammlung zus\u00e4tzlich auch der goldige Osterwalder-Wagen und die beiden noch in M\u00f6rschwil gefertigten Prototypen. Speziell daran ist, dass diese beiden Wagen schwarze Fahrgestelle haben.<\/p><p class=\"style1\" align=\"left\">Im November gab es zwei weitere, ausgesprochen gelungene (und von HAG hervorragend bedruckte) Sondermodelle, die Re 460 Migros in seiden-schwarz (Lok 6\/18 ist in der Hausin-Sammlung) und die goldig gespritzte Re 460 L\u00f6wenkopf, auch da &#8211; Andi sei Dank &#8211; befindet sich Exemplar Nummer 6 (von 7) in der Hausin-Sammlung.<\/p><p class=\"style1\" align=\"center\"><img loading=\"lazy\" decoding=\"async\" src=\"https:\/\/hausin.com\/roland\/images\/H0%20full\/800\/HAG%20S-28285%20Re%20460%20Migros%20schwarz%201.JPG\" alt=\"Migros schwarz\" width=\"800\" height=\"356\" \/><\/p><p class=\"style1\" align=\"center\"><img loading=\"lazy\" decoding=\"async\" src=\"https:\/\/hausin.com\/roland\/images\/H0%20full\/800\/HAG%20S-28286%20Re%20460%20Loewenkopf.JPG\" alt=\"L\u00f6wenkopf\" width=\"800\" height=\"375\" \/><\/p><p class=\"style1\" align=\"left\">M\u00e4rz 2016: Andi Germanier hat eine Serie verschiedener Farben von Ae 6\/6 herstellen lassen. Das sch\u00f6nste Exemplar ist die schwarze, welche dann auch Einzug in die Hausin Sammlung gefunden hat.<\/p><p class=\"style1\" align=\"center\"><img loading=\"lazy\" decoding=\"async\" src=\"https:\/\/hausin.com\/roland\/images\/H0%20full\/800\/HAG%20S-11503%20Ae%206-6%20Payerne%20schwarz.JPG\" width=\"800\" height=\"359\" \/><\/p><p class=\"style1 style4\" align=\"center\">\u00a0<\/p><p class=\"style1\" align=\"left\">Mai 2016: Andi ver\u00f6ffentlicht die Farbvariante des Gottardo 2016 Sets &#8211; hier in schwarz:<\/p><p class=\"style1\" align=\"center\"><img loading=\"lazy\" decoding=\"async\" src=\"https:\/\/hausin.com\/roland\/images\/H0%20full\/800\/HAG%20S-28404%20Re%20460%20Gottardo%20schwarz.JPG\" width=\"800\" height=\"371\" \/><\/p><p class=\"style1\" align=\"center\"><img loading=\"lazy\" decoding=\"async\" src=\"https:\/\/hausin.com\/roland\/images\/H0%20full\/800\/HAG%20S-16258%20Re%204-4%20II.JPG\" width=\"800\" height=\"425\" \/><\/p><p class=\"style1\" align=\"left\">Im Juni 2016 kamen noch weitere Farbvarianten dazu. Da w\u00e4ren mal die Re 460 Gottardo 2016 blau und braun:<\/p><p class=\"style1\" align=\"center\"><img loading=\"lazy\" decoding=\"async\" src=\"https:\/\/hausin.com\/roland\/images\/H0%20full\/800\/HAG%20S-28406%20Re%20460%20Gottardo%20blau.JPG\" width=\"800\" height=\"358\" \/><\/p><p class=\"style1\" align=\"center\"><img loading=\"lazy\" decoding=\"async\" src=\"https:\/\/hausin.com\/roland\/images\/H0%20full\/800\/HAG%20S-28405%20Re%20460%20Gottardo%20braun.JPG\" width=\"800\" height=\"357\" \/><\/p><p class=\"style1\" align=\"left\">Fast gleichzeit liess Andi bei HAG auch Farbvarianten der LION Lok produzieren, die blaue, braune und orange Re 420. Aus dem Nachlass von Romeo kam dann auch noch die gelbe Variante dazu:<\/p><p class=\"style1\" align=\"center\"><img loading=\"lazy\" decoding=\"async\" src=\"https:\/\/hausin.com\/roland\/images\/H0%20full\/800\/HAG%20S-16073%20Re%20420%20Lion%20blau.JPG\" width=\"800\" height=\"399\" \/><\/p><p class=\"style1\" align=\"center\"><img loading=\"lazy\" decoding=\"async\" src=\"https:\/\/hausin.com\/roland\/images\/H0%20full\/800\/HAG%20S-16074%20Re%20420%20Lion%20braun.JPG\" width=\"800\" height=\"406\" \/><\/p><p class=\"style1\" align=\"center\"><img loading=\"lazy\" decoding=\"async\" src=\"https:\/\/hausin.com\/roland\/images\/H0%20full\/800\/HAG%20S-16077%20Re%20420%20Lion%20orange.JPG\" width=\"800\" height=\"406\" \/><\/p><p class=\"style1\" align=\"center\"><img loading=\"lazy\" decoding=\"async\" src=\"https:\/\/hausin.com\/roland\/images\/H0%20full\/800\/HAG%20S-16075%20Re%204-4%20II%20Lion%20gelb.jpg\" alt=\"\" width=\"800\" height=\"365\" \/><\/p><p class=\"style1\" align=\"left\">Andi Germanier best\u00e4tigt seinen Ruf als unbestrittener &#8220;Sondermodell-K\u00f6nig&#8221;. Dies sind weitere sch\u00f6ne Modelle aus der &#8220;Sondermodell-K\u00fcche Oftringen&#8221;, darunter einige ganz &#8220;heisse&#8221; Versionen, verchromt, schwarz-verchromt etc.)<\/p><p class=\"style1\" align=\"center\"><img loading=\"lazy\" decoding=\"async\" src=\"https:\/\/hausin.com\/roland\/images\/H0%20full\/800\/HAG%20S-11142%20Ae%206-6%20gold%20Cargo%20blau.JPG\" width=\"800\" height=\"355\" \/><\/p><p class=\"style1\" align=\"center\"><img loading=\"lazy\" decoding=\"async\" src=\"https:\/\/hausin.com\/roland\/images\/H0%20full\/800\/HAG%20S-20104%20Re%206-6%20schwarz%20verchromt.JPG\" width=\"800\" height=\"371\" \/><\/p><p class=\"style1\" align=\"center\"><img loading=\"lazy\" decoding=\"async\" src=\"https:\/\/hausin.com\/roland\/images\/H0%20full\/800\/HAG%20S-20102%20Re%206-6%20verchromt.JPG\" width=\"800\" height=\"356\" \/>:<\/p><p class=\"style1\" align=\"center\"><img loading=\"lazy\" decoding=\"async\" src=\"https:\/\/hausin.com\/roland\/images\/H0%20full\/800\/HAG%20S-20105%20Re%206-6%20gold.JPG\" width=\"800\" height=\"373\" \/><\/p><p class=\"style1\" align=\"center\"><img loading=\"lazy\" decoding=\"async\" src=\"https:\/\/hausin.com\/roland\/images\/H0%20full\/800\/HAG%20S-20101%20Re%206-6%20gold%20Cargo%20blau.JPG\" width=\"800\" height=\"337\" \/><\/p><p class=\"style1\" align=\"center\"><img loading=\"lazy\" decoding=\"async\" src=\"https:\/\/hausin.com\/roland\/images\/H0%20full\/800\/HAG%20S-20107%20Re%206-6%20gold%20Cargo%20schwarz.JPG\" width=\"800\" height=\"352\" \/><\/p><p class=\"style1 style4\" align=\"center\">\u00a0<\/p><p class=\"style1\" align=\"center\"><img loading=\"lazy\" decoding=\"async\" src=\"https:\/\/hausin.com\/roland\/images\/H0%20full\/800\/HAG%20S-20530%20Re%206-6%20Rothrist%20weiss.JPG\" width=\"800\" height=\"345\" \/><\/p><p class=\"style1\">Februar 2017 war wieder ein &#8220;guter Germanier-Monat&#8221;. Es folgten (nebst f\u00fcr mich eher weniger interessanten) Farbvarianten, z.B. der Re 465 Napf:<\/p><p class=\"style1\" align=\"center\"><img loading=\"lazy\" decoding=\"async\" src=\"https:\/\/hausin.com\/roland\/images\/H0%20full\/800\/HAG%20S-28566%20Re%20465%20Napf%20orange.JPG\" width=\"800\" height=\"352\" \/><\/p><p class=\"style1\" align=\"center\"><img loading=\"lazy\" decoding=\"async\" src=\"https:\/\/hausin.com\/roland\/images\/H0%20full\/800\/HAG%20S-28567%20Re%20465%20Napf%20gelb.JPG\" width=\"800\" height=\"335\" \/><\/p><p class=\"style1\" align=\"center\"><img loading=\"lazy\" decoding=\"async\" src=\"https:\/\/hausin.com\/roland\/images\/H0%20full\/800\/HAG%20S-28568%20Re%20465%20Napf%20weiss.JPG\" width=\"800\" height=\"335\" \/><\/p><p class=\"style1\" align=\"left\">Der November 2017 ist wieder ein starker &#8220;Germanier-Sondermodell-Monat&#8221;. Es stossen gleich vier Sondermodellle zur Hausin Sammlung. Die drei Modelle der Afrika-Serie sind nummeriert und Andi sei Dank, es ist jeweils die Nummer 6 in der Sammlung gelandet.<\/p><p class=\"style1\" align=\"center\"><img loading=\"lazy\" decoding=\"async\" src=\"https:\/\/hausin.com\/roland\/images\/H0%20full\/800\/HAG%20S-28281%20Re%20460%20Migros%20orange%201.JPG\" width=\"800\" height=\"345\" \/><\/p><p class=\"style1\" align=\"center\"><img loading=\"lazy\" decoding=\"async\" src=\"https:\/\/hausin.com\/roland\/images\/H0%20full\/800\/HAG%20S-28300%20Re%20460%20Lion.JPG\" width=\"800\" height=\"354\" \/><\/p><p class=\"style1\" align=\"center\"><img loading=\"lazy\" decoding=\"async\" src=\"https:\/\/hausin.com\/roland\/images\/H0%20full\/800\/HAG%20S-28301%20Re%20460%20Serengeti.JPG\" width=\"800\" height=\"330\" \/><\/p><p class=\"style1\" align=\"center\"><img loading=\"lazy\" decoding=\"async\" src=\"https:\/\/hausin.com\/roland\/images\/H0%20full\/800\/HAG%20S-28302%20Re%20460%20Masai%20Mara.JPG\" width=\"800\" height=\"355\" \/><\/p><p class=\"style1\">Bei Andi in Planung w\u00e4ren noch eine ganze Reihe von Lok-Sondermodellen. Leider mussten wir zur Kenntis nehmen, dass Andi k\u00fcnftig auf die Sondermodell-Produktion verzichten muss. Er hat aber mit Markus Heim von HEMA Modellbahnen, Olten, einen Nachfolger gefunden.<\/p><p class=\"style1\">Die letzten beiden Sondermodelle von Andi die noch zur Hausin-Sammlung stiessen, sind die Re 4\/4 II schwarz Cham und die Re 436 Crossrail schwarz. Aus dem Nachlass von Romeo kam dann auch noch die braune Variante dazu.<\/p><p class=\"style1\" align=\"center\"><img loading=\"lazy\" decoding=\"async\" src=\"https:\/\/hausin.com\/roland\/images\/H0%20full\/800\/HAG%20S-16041%20Re%204-4%20II%20Cham%20schwarz.JPG\" width=\"800\" height=\"422\" \/><\/p><p class=\"style1\" align=\"center\"><img loading=\"lazy\" decoding=\"async\" src=\"https:\/\/hausin.com\/roland\/images\/H0%20full\/800\/HAG%20S-16068%20Re%20436%20Crossrail%20schwarz.JPG\" width=\"800\" height=\"414\" \/><\/p><p class=\"style1\" align=\"center\"><img loading=\"lazy\" decoding=\"async\" src=\"https:\/\/hausin.com\/roland\/images\/H0%20full\/800\/HAG%20S-16017%20Re%204-4%20II%20braun.jpg\" width=\"800\" height=\"401\" \/><\/p>\t\t\t\t\t\t\t\t<\/div>\n\t\t\t\t<\/div>\n\t\t\t\t<\/div>\n\t\t\t\t<\/div>\n\t\t\t\t<\/div>\n\t\t\t\t\t<\/div>\n\t\t\t\t<\/div>\n\t\t\t\t<\/div>\n\t\t","protected":false},"excerpt":{"rendered":"<p>HAG Sondermodelle Germanier Andi Germanier &#8211; einst stolzer Besitzer der wohl best-assortierten Vitrinen Sammlung die man je zu Gesicht bekommen konnte &#8211; stellte im Gegensatz zu anderen &#8220;Banausen&#8221; (z.B. hier)<\/p>\n","protected":false},"author":1,"featured_media":0,"parent":0,"menu_order":0,"comment_status":"closed","ping_status":"closed","template":"elementor_header_footer","meta":{"breadcrumbs_single_post":"","page_title_panel":"","breadcrumbs_single_page":"","single_page_alignment":"","single_page_margin":"","page_structure_type":"","content_style_source":"","content_style":"","blog_post_streched_ed":"","blog_page_streched_ed":"","has_transparent_header":"","disable_transparent_header":"","vertical_spacing_source":"","content_area_spacing":"","single_post_content_background":"","single_page_content_background":"","single_post_boxed_content_spacing":"","single_page_boxed_content_spacing":"","single_post_content_boxed_radius":"","single_page_content_boxed_radius":"","disable_featured_image":"","disable_post_tags":"","disable_author_box":"","disable_posts_navigation":"","disable_comments":"","disable_related_posts":"","disable_header":"","disable_footer":"","footnotes":""},"class_list":["post-3993","page","type-page","status-publish","hentry","rishi-post","no-post-thumbnail"],"_links":{"self":[{"href":"https:\/\/sstechs247.com\/hausin\/wp-json\/wp\/v2\/pages\/3993","targetHints":{"allow":["GET"]}}],"collection":[{"href":"https:\/\/sstechs247.com\/hausin\/wp-json\/wp\/v2\/pages"}],"about":[{"href":"https:\/\/sstechs247.com\/hausin\/wp-json\/wp\/v2\/types\/page"}],"author":[{"embeddable":true,"href":"https:\/\/sstechs247.com\/hausin\/wp-json\/wp\/v2\/users\/1"}],"replies":[{"embeddable":true,"href":"https:\/\/sstechs247.com\/hausin\/wp-json\/wp\/v2\/comments?post=3993"}],"version-history":[{"count":4,"href":"https:\/\/sstechs247.com\/hausin\/wp-json\/wp\/v2\/pages\/3993\/revisions"}],"predecessor-version":[{"id":3997,"href":"https:\/\/sstechs247.com\/hausin\/wp-json\/wp\/v2\/pages\/3993\/revisions\/3997"}],"wp:attachment":[{"href":"https:\/\/sstechs247.com\/hausin\/wp-json\/wp\/v2\/media?parent=3993"}],"curies":[{"name":"wp","href":"https:\/\/api.w.org\/{rel}","templated":true}]}}